{"id":13,"date":"2018-08-20T14:40:10","date_gmt":"2018-08-20T14:40:10","guid":{"rendered":"http:\/\/parafiaszczodrowo.pl\/?page_id=13"},"modified":"2024-06-29T06:09:00","modified_gmt":"2024-06-29T06:09:00","slug":"msze-sw-i-nabozenstwa","status":"publish","type":"page","link":"https:\/\/parafiaszczodrowo.pl\/?page_id=13","title":{"rendered":"Duszpasterstwo"},"content":{"rendered":"<p style=\"text-align: center;\"><strong>MSZE \u015aWI\u0118TE<\/strong><\/p>\n<p style=\"text-align: center;\">w tygodniu godz. 17.00<\/p>\n<p style=\"text-align: center;\">sobota: godz. 17.00 &#8211; Msza \u015aw. z niedzieli<\/p>\n<p style=\"text-align: center;\">niedziela: godz. 8.30; 10.30<\/p>\n<p style=\"text-align: center;\">\n<p style=\"text-align: center;\"><strong>SPOWIED\u0179 \u015aWI\u0118TA<\/strong><\/p>\n<p style=\"text-align: center;\">20 minut przed ka\u017cd\u0105 Msz\u0105 \u015aw.<\/p>\n<p style=\"text-align: center;\"><strong>NABO\u017bE\u0143STWA<\/strong><\/p>\n<p style=\"text-align: center;\"><strong>I czwartek miesi\u0105ca<\/strong><\/p>\n<p style=\"text-align: center;\">Nabo\u017ce\u0144stwo w intencji Seminarium Duchownego w Pelplinie oraz o nowe powo\u0142ania kap\u0142a\u0144skie i zakonne<\/p>\n<p style=\"text-align: center;\"><strong>I pi\u0105tek miesi\u0105ca<\/strong><\/p>\n<p style=\"text-align: center;\">Nabo\u017ce\u0144stwo do Naj\u015bwi\u0119tszego Serca Pana Jezusa<\/p>\n<p style=\"text-align: center;\"><strong>I sobota miesi\u0105ca:<\/strong><\/p>\n<p style=\"text-align: center;\">Nabo\u017ce\u0144stwo do Niepokalanego Serca Naj\u015bwi\u0119tszej Maryi Panny.<\/p>\n<p style=\"text-align: center;\"><strong>I niedziela miesi\u0105ca<\/strong><\/p>\n<p style=\"text-align: center;\">Nabo\u017ce\u0144stwo \u017bywego R\u00f3\u017ca\u0144ca przed Msz\u0105 \u015bw. godz. \u00a0o 8.30 tj. o godz. 8.00<\/p>\n<p style=\"text-align: center;\"><strong>Nabo\u017ce\u0144stwo Majowe (maj)<\/strong><\/p>\n<p style=\"text-align: center;\">\u2013 przed wieczorn\u0105 Msz\u0105 \u015bwi\u0119t\u0105<\/p>\n<p style=\"text-align: center;\"><strong>Nabo\u017ce\u0144stwo czerwcowe (czerwiec)<\/strong><\/p>\n<p style=\"text-align: center;\">\u2013 przed wieczorn\u0105 Msz\u0105 \u015bwi\u0119t\u0105<\/p>\n<p style=\"text-align: center;\"><strong>Nabo\u017ce\u0144stwo r\u00f3\u017ca\u0144cowe (pa\u017adziernik)<\/strong><\/p>\n<p style=\"text-align: center;\">\u2013 przed wieczorn\u0105 Msz\u0105 \u015bwi\u0119t\u0105<\/p>\n<p style=\"text-align: center;\"><strong>Nowenna do Matki Bo\u017cej Nieustaj\u0105cej Pomocy\u00a0\u00a0<\/strong><\/p>\n<p style=\"text-align: center;\">\u2013 w \u015brod\u0119 przed wieczorn\u0105 Msz\u0105 \u015bwi\u0119t\u0105.<\/p>\n<p style=\"text-align: center;\"><strong>Nabo\u017ce\u0144stwo do \u015aw. Ap. Szymona i Judy Tadeusza\u00a0<\/strong><\/p>\n<p style=\"text-align: center;\">\u2013 w wtorek przed wieczorn\u0105 Msz\u0105 \u015bwi\u0119t\u0105.<\/p>\n<p style=\"text-align: center;\"><strong>Nabo\u017ce\u0144stwo do b\u0142. s. Marty Wieckiej<\/strong><\/p>\n<p style=\"text-align: center;\">\u2013 w czwartek przed wieczorn\u0105 Msz\u0105 \u015bwi\u0119t\u0105.<\/p>\n<p style=\"text-align: center;\"><strong>Wsp\u00f3lnota \u015aw. Ojca Pio<\/strong><\/p>\n<p style=\"text-align: center;\">\u2013 w II czwartek miesi\u0105c przed wieczorn\u0105 Msz\u0105 \u015bwi\u0119t\u0105.<\/p>\n<p style=\"text-align: center;\"><strong>SAKRAMENTY \u015aWI\u0118TE<\/strong><\/p>\n<p style=\"text-align: center;\"><strong>Sakrament Chrztu \u015bwi\u0119tego<\/strong><\/p>\n<p style=\"text-align: center;\">\u00a0wg. indywidualnych ustale\u0144<\/p>\n<p style=\"text-align: center;\"><strong>Spowied\u017a \u015bwi\u0119ta<\/strong><\/p>\n<p style=\"text-align: center;\">\u00a020 min przed ka\u017cd\u0105 Msz\u0105 \u015bwi\u0119t\u0105.<\/p>\n<p style=\"text-align: center;\"><strong>Odwiedziny chorych<\/strong><\/p>\n<p style=\"text-align: center;\">I sobota miesi\u0105ca wg. indywidualnych ustale\u0144<\/p>\n<p style=\"text-align: center;\">\n","protected":false},"excerpt":{"rendered":"<p>MSZE \u015aWI\u0118TE w tygodniu godz. 17.00 sobota: godz. 17.00 &#8211; Msza \u015aw. z niedzieli niedziela: godz. 8.30; 10.30 SPOWIED\u0179 \u015aWI\u0118TA 20 minut przed ka\u017cd\u0105 Msz\u0105 \u015aw. NABO\u017bE\u0143STWA I czwartek miesi\u0105ca Nabo\u017ce\u0144stwo w intencji Seminarium Duchownego w Pelplinie oraz o nowe powo\u0142ania kap\u0142a\u0144skie i zakonne I pi\u0105tek miesi\u0105ca Nabo\u017ce\u0144stwo do Naj\u015bwi\u0119tszego Serca Pana Jezusa I sobota &#8230; <span class=\"more\"><a class=\"more-link\" href=\"https:\/\/parafiaszczodrowo.pl\/?page_id=13\">[Czytaj wi\u0119cej..]<\/a><\/span><\/p>\n","protected":false},"author":1,"featured_media":0,"parent":0,"menu_order":0,"comment_status":"closed","ping_status":"closed","template":"","meta":{"footnotes":""},"class_list":["entry","page","publish","author-admin","post-13"],"_links":{"self":[{"href":"https:\/\/parafiaszczodrowo.pl\/index.php?rest_route=\/wp\/v2\/pages\/13","targetHints":{"allow":["GET"]}}],"collection":[{"href":"https:\/\/parafiaszczodrowo.pl\/index.php?rest_route=\/wp\/v2\/pages"}],"about":[{"href":"https:\/\/parafiaszczodrowo.pl\/index.php?rest_route=\/wp\/v2\/types\/page"}],"author":[{"embeddable":true,"href":"https:\/\/parafiaszczodrowo.pl\/index.php?rest_route=\/wp\/v2\/users\/1"}],"replies":[{"embeddable":true,"href":"https:\/\/parafiaszczodrowo.pl\/index.php?rest_route=%2Fwp%2Fv2%2Fcomments&post=13"}],"version-history":[{"count":18,"href":"https:\/\/parafiaszczodrowo.pl\/index.php?rest_route=\/wp\/v2\/pages\/13\/revisions"}],"predecessor-version":[{"id":1221,"href":"https:\/\/parafiaszczodrowo.pl\/index.php?rest_route=\/wp\/v2\/pages\/13\/revisions\/1221"}],"wp:attachment":[{"href":"https:\/\/parafiaszczodrowo.pl\/index.php?rest_route=%2Fwp%2Fv2%2Fmedia&parent=13"}],"curies":[{"name":"wp","href":"https:\/\/api.w.org\/{rel}","templated":true}]}}